{"id":23,"date":"2024-05-31T13:22:31","date_gmt":"2024-05-31T11:22:31","guid":{"rendered":"https:\/\/morenoinstalaciones.es\/?page_id=23"},"modified":"2026-03-02T20:52:18","modified_gmt":"2026-03-02T19:52:18","slug":"privacybeleid","status":"publish","type":"page","link":"https:\/\/morenoinstalaciones.es\/nl\/privacybeleid\/","title":{"rendered":"Privacybeleid"},"content":{"rendered":"<div data-elementor-type=\"wp-page\" data-elementor-id=\"23\" class=\"elementor elementor-23\" data-elementor-post-type=\"page\">\n\t\t\t\t<div class=\"elementor-element elementor-element-2381ebe cabecera-principal e-flex e-con-boxed e-con e-parent\" data-id=\"2381ebe\" data-element_type=\"container\" data-e-type=\"container\">\n\t\t\t\t\t<div class=\"e-con-inner\">\n\t\t\t\t<div class=\"elementor-element elementor-element-2e560df elementor-widget elementor-widget-heading\" data-id=\"2e560df\" data-element_type=\"widget\" data-e-type=\"widget\" data-widget_type=\"heading.default\">\n\t\t\t\t\t<h1 class=\"elementor-heading-title elementor-size-default\">Privacybeleid<\/h1>\t\t\t\t<\/div>\n\t\t\t\t\t<\/div>\n\t\t\t\t<\/div>\n\t\t<div class=\"elementor-element elementor-element-c28bb24 espsup espinf e-flex e-con-boxed e-con e-parent\" data-id=\"c28bb24\" data-element_type=\"container\" data-e-type=\"container\" id=\"contenido-legal\">\n\t\t\t\t\t<div class=\"e-con-inner\">\n\t\t\t\t<div class=\"elementor-element elementor-element-da074ba elementor-widget elementor-widget-text-editor\" data-id=\"da074ba\" data-element_type=\"widget\" data-e-type=\"widget\" data-widget_type=\"text-editor.default\">\n\t\t\t\t\t\t\t\t\t<p>La presente pol\u00edtica de privacidad es conforme al Reglamento (UE) 2016\/679 del Parlamento Europeo y del Consejo, de 27 de abril de 2016, relativo a la protecci\u00f3n de las personas f\u00edsicas en lo que respecta al tratamiento de datos personales y a la libre circulaci\u00f3n de estos datos (RGPD), a Ley Org\u00e1nica 3\/2018, de 5 de diciembre, de Protecci\u00f3n de Datos Personales y garant\u00eda de los derechos digitales (LOPDGDD), as\u00ed como en lo que no resulte contrario a la normativa indicada, a la Ley Org\u00e1nica 15\/1999, de Protecci\u00f3n de Datos de Car\u00e1cter Personal (LOPD) y su normativa de desarrollo, y\/o aquellas que las pudieran sustituir o actualizar en el futuro.<\/p><p>Nuestra organizaci\u00f3n est\u00e1 comprometida con la privacidad de sus datos personales. Los datos personales facilitados son necesarios para prestar nuestros servicios y son tratados de manera l\u00edcita, leal y transparente, garantizando una seguridad adecuada de los mismos, incluida la protecci\u00f3n contra el tratamiento no autorizado o il\u00edcito y contra su p\u00e9rdida, destrucci\u00f3n o da\u00f1o accidental mediante la aplicaci\u00f3n de medidas t\u00e9cnicas y organizativas.<\/p><p>A trav\u00e9s del presente documento queremos ofrecerle de forma transparente y leal toda la informaci\u00f3n necesaria relativa al tratamiento de sus datos personales que realiza esta organizaci\u00f3n.\u00a0<\/p><h2><strong>I.- RESPONSABLE DEL TRATAMIENTO<\/strong><\/h2><ul><li><strong>IDENTIDAD:<\/strong> MORENO ASISTENCIA T\u00c9CNICA Y MONTAJES, S.L.<\/li><li><strong style=\"font-size: 16px;\">C.I.F. \/ N.I.F.:<\/strong><span style=\"font-size: 16px;\"> B53077277<\/span><\/li><li><strong style=\"font-size: 16px;\">DOMICILIO:<\/strong><span style=\"font-size: 16px;\"> C\/ MIRAFLOR, 3, 03700 DENIA (ALICANTE)<\/span><\/li><li><strong style=\"font-size: 16px;\">TEL\u00c9FONO:<\/strong><span style=\"font-size: 16px;\"> 966420361<\/span><\/li><li><strong style=\"font-size: 16px;\">E-MAIL:<\/strong><span style=\"font-size: 16px;\">\u00a0<\/span><u style=\"font-style: inherit; font-weight: inherit;\">esilva@morenoinstalaciones.es<\/u><\/li><\/ul><h2>II.- DESTINATARIOS DE LOS DATOS PERSONALES<\/h2><ol><li>Los datos personales facilitados no ser\u00e1n objeto de cesi\u00f3n alguna salvo que as\u00ed se disponga en los tratamientos espec\u00edficos.<\/li><li>Opcionalmente, para la contrataci\u00f3n de servicios de computaci\u00f3n en la nube y\/o servicios para el env\u00edo de e-mails, de comunicaci\u00f3n, as\u00ed como otros servicios inform\u00e1ticos relacionados, los datos personales podr\u00e1n ser:<ul><li>Cedidos a empresas de servicios inform\u00e1ticos ubicadas dentro del Espacio Econ\u00f3mico Europeo (EEE) o,<\/li><li>En caso de que algunos de nuestros proveedores o prestadores de servicios se encuentren fuera del Espacio Econ\u00f3mico Europeo (EEE), garantizamos que las transferencias internacionales de datos se realizar\u00e1n conforme a la normativa aplicable.\u00a0En particular, en el caso de proveedores situados en Estados Unidos, dichas transferencias podr\u00e1n ampararse en el\u00a0<strong>Marco de Privacidad de Datos UE-EE. UU. (EU-U.S. Data Privacy Framework, https:\/\/www.dataprivacyframework.gov\u00a0)<\/strong>, cuya adecuaci\u00f3n fue reconocida por la Comisi\u00f3n Europea el 10 de julio de 2023, o bien en cl\u00e1usulas contractuales tipo aprobadas por la Comisi\u00f3n Europea.<\/li><\/ul><\/li><li>Opcionalmente, a administraciones y dem\u00e1s organismos cuando sean requeridos en cumplimiento de obligaciones legales.\u00a0\u00a0<\/li><\/ol><h2>III.- BASE LEGAL QUE LEGITIMA EL TRATAMIENTO DE LOS DATOS PERSONALES<\/h2><p>En cada tratamiento espec\u00edfico de datos personales le informaremos de la base legal que lo legitima.<\/p><h2>IV.- DERECHOS<\/h2><h3>4.1. DERECHO DE ACCESO<\/h3><p>Es el derecho a obtener del responsable del tratamiento confirmaci\u00f3n de si est\u00e1n tratando o no datos personales que conciernen al interesado y, en tal caso, derecho de acceso a los datos personales y a la siguiente informaci\u00f3n: los fines del tratamiento, las categor\u00edas de datos personales de que se trate, los destinatarios o las categor\u00edas de destinatarios a los que se comunicaron o ser\u00e1n comunicados los datos personales, plazo de conservaci\u00f3n o los criterios utilizados para determinar este plazo, la existencia del derecho a solicitar del responsable la rectificaci\u00f3n o supresi\u00f3n de datos personales o la limitaci\u00f3n del tratamiento de datos personales relativos al interesado o a oponerse a dicho tratamiento, derecho a presentar una reclamaci\u00f3n ante la Agencia Espa\u00f1ola de Protecci\u00f3n de Datos (AEPD), la existencia, en su caso, de decisiones automatizadas, incluida la elaboraci\u00f3n de perfiles, cuando se transfieran datos a terceros pa\u00edses el derecho a ser informado de las garant\u00edas adecuadas aplicadas.<\/p><h3>4.2. DERECHO DE RECTIFICACI\u00d3N<\/h3><p>Es el derecho a solicitar la rectificaci\u00f3n de sus datos personales si son inexactos, incluyendo el derecho a completar datos que figuren incompletos. Hay que tener en cuenta que al facilitarnos los datos personales por cualquier v\u00eda, garantiza que son ciertos y exactos y se compromete a notificarnos cualquier cambio o modificaci\u00f3n de los mismos. Por lo tanto cualquier da\u00f1o causado por motivo de una comunicaci\u00f3n de informaci\u00f3n err\u00f3nea, inexacta o incompleta en los formularios de la web, ser\u00e1 responsabilidad exclusiva del interesado.<\/p><h3>4.3. DERECHO DE SUPRESI\u00d3N<\/h3><p>Es el derecho a solicitar la supresi\u00f3n de sus datos personales cuando, entre otros supuestos, ya no son necesarios para la finalidad por la cual fueron recabados, o est\u00e1n siendo tratados de otro modo o retire el consentimiento. Hay que tener en cuenta que no proceder\u00e1 la supresi\u00f3n cuando el tratamiento de los datos personales sea necesario, entre otros supuestos, para el cumplimiento de obligaciones legales o para la formulaci\u00f3n, el ejercicio o la defensa de reclamaciones.<\/p><h3>4.4. DERECHO A LA LIMITACI\u00d3N<\/h3><p>Es el derecho a solicitar la limitaci\u00f3n del tratamiento de sus datos personales, lo que supone que en determinados casos pueda solicitarnos que suspendamos temporalmente los tratamientos de sus datos personales o que los conservemos m\u00e1s all\u00e1 del tiempo necesario cuando pueda necesitarlo.<\/p><h3>4.5. DERECHO A RETIRAR EL CONSENTIMIENTO<\/h3><p>Es el derecho a retirar el consentimiento que ha proporcionado al marcar\u00a0<em>\u201cHe le\u00eddo y acepto la pol\u00edtica de privacidad\u201d<\/em>\u00a0en cualquier momento y seg\u00fan se especifica en el apartado correspondiente \u201cEjercicio de derechos\u201d o en el tratamiento espec\u00edfico de comunicaciones comerciales o Newsletter. Hay que tener en cuenta que este derecho no surtir\u00e1 efectos si, entre otros casos, el tratamiento de los datos personales es necesario para el cumplimiento de una obligaci\u00f3n legal, la ejecuci\u00f3n y el mantenimiento de una relaci\u00f3n contractual, o para la formulaci\u00f3n, ejercicio o la defensa de reclamaciones. Asimismo la retirada del consentimiento no tendr\u00e1 efectos retroactivos, es decir, no afectar\u00e1 a la licitud del tratamiento basado en el consentimiento previo a su retirada.<\/p><h3>4.6. DERECHO A LA PORTABILIDAD<\/h3><p>Es el derecho a recibir los datos personales que le incumban y que nos haya facilitado, en un formato estructurado, de uso com\u00fan y lectura mec\u00e1nica, y a trasmitirlos a otro responsable, siempre y cuando: el tratamiento se base en su consentimiento y se efect\u00fae por medios automatizados o inform\u00e1ticos.<\/p><h3>4.7. DERECHO DE OPOSICI\u00d3N<\/h3><p>Es el derecho a oponerse al tratamiento de sus datos personales en base al inter\u00e9s leg\u00edtimo nuestro. No seguiremos tratando sus datos personales a menos que podamos acreditar motivos leg\u00edtimos imperiosos para el tratamiento que prevalezcan sobre sus intereses, derechos y libertades, o bien para la formulaci\u00f3n, el ejercicio o la defensa de reclamaciones.<\/p><p><strong>4.8. DERECHO A PRESENTAR UNA RECLAMACI\u00d3N ANTE UNA AUTORIDAD DE CONTROL<\/strong><\/p><p>Si considera que tratamos sus datos personales de un modo incorrecto, puede contactar con nosotros o tambi\u00e9n tiene derecho a presentar una reclamaci\u00f3n ante la Agencia Espa\u00f1ola de Protecci\u00f3n de Datos (AEPD):<\/p><p><a href=\"https:\/\/www.agpd.es\/portalwebAGPD\/index-ides-idphp.php\" target=\"_blank\" rel=\"noopener\">https:\/\/www.agpd.es\/portalwebAGPD\/index-ides-idphp.php<\/a><\/p><h3>4.9. EJERCICIO DE DERECHOS<\/h3><p>Puede ejercer los derechos que le asisten a trav\u00e9s de carta a la direcci\u00f3n postal arriba indicada o a trav\u00e9s del e-mail esilva@morenoinstalaciones.es, adjuntando en ambos casos copia de su NIF\/NIE\/Pasaporte o documento an\u00e1logo.<\/p><h2>5. MEDIDAS DE SEGURIDAD<\/h2><p>La persona responsable aplica medidas t\u00e9cnicas y organizativas apropiadas para garantizar la confidencialidad, integridad y disponibilidad de los datos.<\/p><h2>6. TRATAMIENTOS DE DATOS PERSONALES<\/h2><h3>6.1. DISPOSICIONES GEN\u00c9RICAS<\/h3><p>Los datos personales solicitados en cada uno de los tratamientos espec\u00edficos son adecuados, pertinentes y limitados a lo necesario en relaci\u00f3n con los fines para los que son tratados por lo que se cumple con el principio de\u00a0<em>minimizaci\u00f3n de datos<\/em>.<\/p><p>Los datos personales solicitados en cada uno de los tratamientos espec\u00edficos son los estrictamente necesarios, la negativa a facilitarlos implicar\u00eda no poder prestar el servicio solicitado.<\/p><p>Las comunicaciones de los datos personales previstas en cada uno de los tratamientos espec\u00edficos en algunos casos son necesarias para la ejecuci\u00f3n y el mantenimiento de un contrato y en otros casos para el cumplimiento de una obligaci\u00f3n legal aplicable al responsable del tratamiento.<\/p><h3>6.2. TRATAMIENTOS B\u00c1SICOS<\/h3><p><strong>FORMULARIO DE CONTACTO\u00a0<\/strong><\/p><p>Los datos personales que se proporcionen en el formulario de contacto ser\u00e1n utilizados \u00fanicamente para responder a las consultas o solicitudes de informaci\u00f3n y gestionar la relaci\u00f3n derivada de la consulta.<\/p><p>La base legal que legitima el tratamiento de los datos personales es el consentimiento expreso al marcar\u00a0<em>\u201cHe le\u00eddo y acepto la pol\u00edtica de privacidad\u201d<\/em>.<\/p><p>Los datos no ser\u00e1n cedidos a terceras personas, salvo obligaci\u00f3n legal o cuando sea necesario para la correcta prestaci\u00f3n del servicio.<\/p><p>Los datos personales se conservar\u00e1n por un per\u00edodo de dos a\u00f1os desde el momento en que dejen de tratarse, sin perjuicio del ejercicio de los derechos que le asisten como persona interesada, salvo que se derive alguna relaci\u00f3n contractual o legal que obligue a su conservaci\u00f3n por m\u00e1s tiempo.<\/p><p><strong>FORMULARIO CURRICULUM<\/strong><\/p><p>Los datos personales incluido en el curr\u00edculum, as\u00ed como los que se recaben durante los procesos de selecci\u00f3n, se tratar\u00e1n para gestionar el proceso selectivo en la empresa incluyendo entrevistas, pruebas y comunicaciones relacionadas, evaluando la idoneidad de las personas candidatas presentadas. As\u00ed como mantener los datos para futuros procesos de selecci\u00f3n si la persona candidata no resulta seleccionada y se autoriza dicha conservaci\u00f3n.<\/p><p>La base legal que legitima el tratamiento de los datos personales es el consentimiento expreso al marcar\u00a0<em>\u201cHe le\u00eddo y acepto la pol\u00edtica de privacidad\u201d<\/em>.<\/p><p>Los datos personales proceden directamente de la propia persona candidata facilitados a trav\u00e9s del formulario curriculum.<\/p><p>Los datos personales se conservar\u00e1n por un per\u00edodo de dos a\u00f1os desde el momento en que dejen de tratarse, sin perjuicio del ejercicio de los derechos que le asisten como persona interesada. Transcurrido dicho plazo o revocado el consentimiento, los datos ser\u00e1n eliminados de forma segura<\/p><p><strong>FORMULARIO DE PRESUPUESTO<\/strong><\/p><p>Los datos personales ser\u00e1n tratados para la confecci\u00f3n de presupuesto, env\u00edo del presupuesto solicitado y gestionar cualquier comunicaci\u00f3n relacionada con el mismo.<\/p><p>La base legal que legitima el tratamiento de los datos personales es el consentimiento de la persona interesada al facilitarnos sus datos y\/o nuestro inter\u00e9s leg\u00edtimo de gestionar su solicitud de presupuesto,\u00a0al marcar\u00a0<em>\u201cHe le\u00eddo y acepto la pol\u00edtica de privacidad\u201d<\/em>.<\/p><p>No se prev\u00e9n cesiones de datos a terceros, salvo obligaci\u00f3n legal o en los casos en que sea necesario para la prestaci\u00f3n del servicio. En este \u00faltimo supuesto, los datos podr\u00e1n ser tratados por terceros que prestan servicios al responsable (como asesor\u00edas, proveedores tecnol\u00f3gicos o entidades financieras), con los que se han suscrito los correspondientes contratos de encargo del tratamiento, garantizando la confidencialidad y seguridad de la informaci\u00f3n.<\/p><p>Los datos personales proceden de la propia persona interesada o su representante, recabados directamente mediante formulario de solicitud, correo electr\u00f3nico, llamada o reuni\u00f3n. No se obtienen datos de fuentes externas, ni se tratan datos especialmente sensibles.<\/p><p>Los datos personales se conservar\u00e1n mientras sea necesario para gestionar la solicitud de presupuesto y, en todo caso, no m\u00e1s de los a\u00f1os necesarios para el cumplimiento de obligaciones legales.<\/p><p><strong>GESTI\u00d3N DE SOPORTE \/ ASISTENCIA T\u00c9CNICA.<\/strong><\/p><p>Los datos facilitados ser\u00e1n utilizados para gestionar y dar respuesta a las solicitudes de soporte o asistencia t\u00e9cnica enviadas por las personas usuarias, realizar un seguimiento de la incidencia o consulta y mejorar la calidad del servicio y la experiencia de atenci\u00f3n al cliente.<\/p><p>No se tomar\u00e1n decisiones automatizadas que produzcan efectos significativos para la persona usuaria.<\/p><p>La base legal que legitima el tratamiento es el consentimiento de la persona interesada al clicar \u00ab<em>He le\u00eddo y acepto la pol\u00edtica de privacidad<\/em>\u00ab.<\/p><p>No se ceder\u00e1n datos personales a terceras personas salvo:<\/p><ul><li>Obligaci\u00f3n legal.<\/li><li>Proveedores que prestan servicios necesarios para la gesti\u00f3n del soporte (ej.: hosting, herramientas de ticketing), con los que se han firmado contratos de encargo de tratamiento conforme al art. 28 RGPD.<\/li><\/ul><p>Los datos no se transferir\u00e1n a terceros pa\u00edses salvo que la persona proveedora utilizada lo requiera y exista garant\u00eda adecuada.<\/p><p>Los datos se conservar\u00e1n durante el tiempo necesario para resolver la solicitud o incidencia.<\/p><p>Finalizado el periodo, los datos ser\u00e1n eliminados o anonimizados.<\/p>\t\t\t\t\t\t\t\t<\/div>\n\t\t\t\t\t<\/div>\n\t\t\t\t<\/div>\n\t\t\t\t<\/div>","protected":false},"excerpt":{"rendered":"<p>Pol\u00edtica de Privacidad La presente pol\u00edtica de privacidad es conforme al Reglamento (UE) 2016\/679 del Parlamento Europeo y del Consejo, [&hellip;]<\/p>","protected":false},"author":1,"featured_media":0,"parent":0,"menu_order":0,"comment_status":"closed","ping_status":"closed","template":"elementor_header_footer","meta":{"site-sidebar-layout":"no-sidebar","site-content-layout":"","ast-site-content-layout":"full-width-container","site-content-style":"default","site-sidebar-style":"default","ast-global-header-display":"","ast-banner-title-visibility":"","ast-main-header-display":"","ast-hfb-above-header-display":"","ast-hfb-below-header-display":"","ast-hfb-mobile-header-display":"","site-post-title":"","ast-breadcrumbs-content":"","ast-featured-img":"disabled","footer-sml-layout":"","theme-transparent-header-meta":"","adv-header-id-meta":"","stick-header-meta":"","header-above-stick-meta":"","header-main-stick-meta":"","header-below-stick-meta":"","astra-migrate-meta-layouts":"default","ast-page-background-enabled":"default","ast-page-background-meta":{"desktop":{"background-color":"var(--ast-global-color-4)","background-image":"","background-repeat":"repeat","background-position":"center center","background-size":"auto","background-attachment":"scroll","background-type":"","background-media":"","overlay-type":"","overlay-color":"","overlay-opacity":"","overlay-gradient":""},"tablet":{"background-color":"","background-image":"","background-repeat":"repeat","background-position":"center center","background-size":"auto","background-attachment":"scroll","background-type":"","background-media":"","overlay-type":"","overlay-color":"","overlay-opacity":"","overlay-gradient":""},"mobile":{"background-color":"","background-image":"","background-repeat":"repeat","background-position":"center center","background-size":"auto","background-attachment":"scroll","background-type":"","background-media":"","overlay-type":"","overlay-color":"","overlay-opacity":"","overlay-gradient":""}},"ast-content-background-meta":{"desktop":{"background-color":"var(--ast-global-color-5)","background-image":"","background-repeat":"repeat","background-position":"center center","background-size":"auto","background-attachment":"scroll","background-type":"","background-media":"","overlay-type":"","overlay-color":"","overlay-opacity":"","overlay-gradient":""},"tablet":{"background-color":"var(--ast-global-color-5)","background-image":"","background-repeat":"repeat","background-position":"center center","background-size":"auto","background-attachment":"scroll","background-type":"","background-media":"","overlay-type":"","overlay-color":"","overlay-opacity":"","overlay-gradient":""},"mobile":{"background-color":"var(--ast-global-color-5)","background-image":"","background-repeat":"repeat","background-position":"center center","background-size":"auto","background-attachment":"scroll","background-type":"","background-media":"","overlay-type":"","overlay-color":"","overlay-opacity":"","overlay-gradient":""}},"footnotes":""},"class_list":["post-23","page","type-page","status-publish","hentry"],"_links":{"self":[{"href":"https:\/\/morenoinstalaciones.es\/nl\/wp-json\/wp\/v2\/pages\/23","targetHints":{"allow":["GET"]}}],"collection":[{"href":"https:\/\/morenoinstalaciones.es\/nl\/wp-json\/wp\/v2\/pages"}],"about":[{"href":"https:\/\/morenoinstalaciones.es\/nl\/wp-json\/wp\/v2\/types\/page"}],"author":[{"embeddable":true,"href":"https:\/\/morenoinstalaciones.es\/nl\/wp-json\/wp\/v2\/users\/1"}],"replies":[{"embeddable":true,"href":"https:\/\/morenoinstalaciones.es\/nl\/wp-json\/wp\/v2\/comments?post=23"}],"version-history":[{"count":0,"href":"https:\/\/morenoinstalaciones.es\/nl\/wp-json\/wp\/v2\/pages\/23\/revisions"}],"wp:attachment":[{"href":"https:\/\/morenoinstalaciones.es\/nl\/wp-json\/wp\/v2\/media?parent=23"}],"curies":[{"name":"wp","href":"https:\/\/api.w.org\/{rel}","templated":true}]}}